{"id":1162,"date":"2019-07-12T08:04:28","date_gmt":"2019-07-12T07:04:28","guid":{"rendered":"https:\/\/www.weingut-kummer.at\/events\/"},"modified":"2026-01-15T06:44:24","modified_gmt":"2026-01-15T05:44:24","slug":"events","status":"publish","type":"page","link":"https:\/\/www.weingut-kummer.at\/en\/events\/","title":{"rendered":"Events"},"content":{"rendered":"<p><img decoding=\"async\" src=\"\/wp-content\/uploads\/2019\/07\/upcoming_events.svg\" alt=\"\"><\/p>\n<h3>Taste and enjoy our wines.<\/h3>\n<div>\n<h3>Weinburgenland presentation<\/h3>\n<p>Vienna<\/p>\n<div>09. March 2026<\/div>\n<p><a href=\"https:\/\/www.weinburgenland.at\/auf-ein-glas-burgenland-in-wien-4\/\"><\/a><\/p>\n<\/div>\n<div>\n<h3>PROWEIN <\/h3>\n<p>D\u00fcsseldorf Germany<\/p>\n<div>15. &#8211; 17. March 2026<\/div>\n<p><a href=\"https:\/\/www.prowein.de\/\"><\/a><\/p>\n<\/div>\n<div>\n<h3>Vinobile 2026<\/h3>\n<p>Feldkirch <\/p>\n<div>24. &#8211; 26. April 2026<\/div>\n<p><a href=\"https:\/\/www.weingut-kummer.at\/wp-content\/uploads\/2024\/02\/Weinfruehling2024.pdf\"><\/a><\/p>\n<\/div>\n<div>\n<h3>Weinfr\u00fchling M\u00f6nchhof <\/h3>\n<p>M\u00f6nchhof<\/p>\n<div>1. &#8211; 3. Mai 2026<\/div>\n<p><a href=\"https:\/\/moenchhof-winzer.at\/\"><\/a><\/p>\n<\/div>\n<div>\n<h3>Wein &#038; Kulturtage (Martiniloben)<\/h3>\n<p>M\u00f6nchhof<\/p>\n<div>23. &#8211; 25. October 2026<\/div>\n<p><a href=\"https:\/\/moenchhof-winzer.at\/\"><\/a><\/p>\n<\/div>\n<p><img decoding=\"async\" src=\"\/wp-content\/uploads\/2019\/02\/weingut_kummer.svg\" alt=\"\"><\/p>\n<h3>Wines like no other.<\/h3>\n<h6>\n<p>\n  <span style=\"color: #000000;\"><br \/>\n    <a style=\"color: #000000;\" href=\"https:\/\/www.weingut-kummer.at\/en\/contact\/\">Contact<\/a> |<br \/>\n    <a style=\"color: #000000;\" href=\"https:\/\/www.weingut-kummer.at\/wp-content\/uploads\/2019\/07\/AGB_Datenschutz_Kummer2019.pdf\">Terms &#038; Privacy Policy<\/a> |<br \/>\n    <a style=\"color: #000000;\" href=\"https:\/\/www.weingut-kummer.at\/en\/imprint\/\">Legal Notice<\/a><br \/>\n  <\/span>\n<\/p>\n<\/h6>\n<p><!--more--><br \/>\n<!-- {\"name\":\"weingut\",\"type\":\"layout\",\"children\":[{\"name\":\"Our History\",\"type\":\"section\",\"props\":{\"animation\":\"fade\",\"image_position\":\"top-right\",\"padding\":\"small\",\"padding_remove_top\":false,\"style\":\"default\",\"title_breakpoint\":\"xl\",\"title_position\":\"top-left\",\"title_rotation\":\"left\",\"vertical_align\":\"\",\"width\":\"small\"},\"children\":[{\"type\":\"row\",\"children\":[{\"type\":\"column\",\"props\":{\"image_position\":\"center-center\",\"position_sticky_breakpoint\":\"m\",\"width_medium\":\"1-1\"},\"children\":[{\"type\":\"image\",\"props\":{\"image\":\"wp-content\\\/uploads\\\/2019\\\/07\\\/upcoming_events.svg\",\"image_svg_color\":\"emphasis\",\"image_width\":\"250\",\"margin\":\"default\",\"text_align\":\"center\"},\"name\":\"\\u00fcberschrift\"},{\"type\":\"headline\",\"props\":{\"content\":\"Taste and enjoy our wines.\",\"margin\":\"medium\",\"margin_remove_bottom\":false,\"text_align\":\"center\",\"title_element\":\"h3\",\"title_style\":\"h3\"}}]}]},{\"type\":\"row\",\"props\":{\"layout\":\"1-2,1-2\",\"margin\":\"large\"},\"children\":[{\"type\":\"column\",\"props\":{\"image_position\":\"center-center\",\"position_sticky_breakpoint\":\"m\",\"width_medium\":\"1-2\"},\"children\":[{\"type\":\"panel\",\"props\":{\"content\":\"09. March 2026\",\"content_column_breakpoint\":\"m\",\"content_style\":\"text-lead\",\"height_expand\":true,\"icon_width\":80,\"image_align\":\"top\",\"image_grid_breakpoint\":\"m\",\"image_grid_width\":\"1-2\",\"image_svg_color\":\"emphasis\",\"link\":\"https:\\\/\\\/www.weinburgenland.at\\\/auf-ein-glas-burgenland-in-wien-4\\\/\",\"link_style\":\"default\",\"link_target\":true,\"link_text\":\"\",\"margin\":\"\",\"meta\":\"Vienna\",\"meta_align\":\"below-title\",\"meta_element\":\"div\",\"meta_style\":\"text-meta\",\"panel_link\":true,\"panel_link_hover\":\"true\",\"panel_padding\":\"default\",\"panel_style\":\"card-secondary\",\"text_align\":\"center\",\"title\":\"Weinburgenland presentation\",\"title_align\":\"top\",\"title_element\":\"h3\",\"title_grid_breakpoint\":\"m\",\"title_grid_width\":\"1-2\",\"title_hover_style\":\"reset\",\"title_style\":\"h3\"}}]},{\"type\":\"column\",\"props\":{\"image_position\":\"center-center\",\"position_sticky_breakpoint\":\"m\",\"width_medium\":\"1-2\"},\"children\":[{\"type\":\"panel\",\"props\":{\"content\":\"15. - 17. March 2026\",\"content_column_breakpoint\":\"m\",\"content_style\":\"text-lead\",\"height_expand\":true,\"icon_width\":80,\"image_align\":\"top\",\"image_grid_breakpoint\":\"m\",\"image_grid_width\":\"1-2\",\"image_svg_color\":\"emphasis\",\"link\":\"https:\\\/\\\/www.prowein.de\\\/\",\"link_style\":\"default\",\"link_target\":true,\"link_text\":\"\",\"margin\":\"\",\"meta\":\"D\\u00fcsseldorf Germany\",\"meta_align\":\"below-title\",\"meta_element\":\"div\",\"meta_style\":\"text-meta\",\"panel_link\":true,\"panel_link_hover\":\"true\",\"panel_padding\":\"default\",\"panel_style\":\"card-secondary\",\"text_align\":\"center\",\"title\":\"PROWEIN \",\"title_align\":\"top\",\"title_element\":\"h3\",\"title_grid_breakpoint\":\"m\",\"title_grid_width\":\"1-2\",\"title_hover_style\":\"reset\",\"title_style\":\"h3\"}}]}]},{\"type\":\"row\",\"props\":{\"layout\":\"1-2,1-2\",\"margin\":\"large\"},\"children\":[{\"type\":\"column\",\"props\":{\"image_position\":\"center-center\",\"position_sticky_breakpoint\":\"m\",\"width_medium\":\"1-2\"},\"children\":[{\"type\":\"panel\",\"props\":{\"content\":\"24. - 26. April 2026\",\"content_column_breakpoint\":\"m\",\"content_style\":\"text-lead\",\"height_expand\":true,\"icon_width\":80,\"image_align\":\"top\",\"image_grid_breakpoint\":\"m\",\"image_grid_width\":\"1-2\",\"image_svg_color\":\"emphasis\",\"link\":\"https:\\\/\\\/www.weingut-kummer.at\\\/wp-content\\\/uploads\\\/2024\\\/02\\\/Weinfruehling2024.pdf\",\"link_style\":\"default\",\"link_target\":true,\"link_text\":\"\",\"margin\":\"\",\"meta\":\"Feldkirch \",\"meta_align\":\"below-title\",\"meta_element\":\"div\",\"meta_style\":\"text-meta\",\"panel_link\":true,\"panel_link_hover\":\"true\",\"panel_padding\":\"default\",\"panel_style\":\"card-secondary\",\"text_align\":\"center\",\"title\":\"Vinobile 2026\",\"title_align\":\"top\",\"title_element\":\"h3\",\"title_grid_breakpoint\":\"m\",\"title_grid_width\":\"1-2\",\"title_hover_style\":\"reset\",\"title_style\":\"h3\"}}]},{\"type\":\"column\",\"props\":{\"image_position\":\"center-center\",\"position_sticky_breakpoint\":\"m\",\"width_medium\":\"1-2\"},\"children\":[{\"type\":\"panel\",\"props\":{\"content\":\"1. - 3. Mai 2026\",\"content_column_breakpoint\":\"m\",\"content_style\":\"text-lead\",\"height_expand\":true,\"icon_width\":80,\"image_align\":\"top\",\"image_grid_breakpoint\":\"m\",\"image_grid_width\":\"1-2\",\"image_svg_color\":\"emphasis\",\"link\":\"https:\\\/\\\/moenchhof-winzer.at\\\/\",\"link_style\":\"default\",\"link_target\":true,\"link_text\":\"\",\"margin\":\"\",\"meta\":\"M\\u00f6nchhof\",\"meta_align\":\"below-title\",\"meta_element\":\"div\",\"meta_style\":\"text-meta\",\"panel_link\":true,\"panel_link_hover\":\"true\",\"panel_padding\":\"default\",\"panel_style\":\"card-secondary\",\"text_align\":\"center\",\"title\":\"Weinfr\\u00fchling M\\u00f6nchhof \",\"title_align\":\"top\",\"title_element\":\"h3\",\"title_grid_breakpoint\":\"m\",\"title_grid_width\":\"1-2\",\"title_hover_style\":\"reset\",\"title_style\":\"h3\"}}]}]},{\"type\":\"row\",\"props\":{\"layout\":\"1-2,1-2\",\"margin\":\"large\"},\"children\":[{\"type\":\"column\",\"props\":{\"image_position\":\"center-center\",\"position_sticky_breakpoint\":\"m\",\"width_medium\":\"1-2\"},\"children\":[{\"type\":\"panel\",\"props\":{\"content\":\"23. - 25. October 2026\",\"content_column_breakpoint\":\"m\",\"content_style\":\"text-lead\",\"icon_width\":80,\"image_align\":\"top\",\"image_grid_breakpoint\":\"m\",\"image_grid_width\":\"1-2\",\"image_svg_color\":\"emphasis\",\"link\":\"https:\\\/\\\/moenchhof-winzer.at\\\/\",\"link_style\":\"default\",\"link_target\":true,\"link_text\":\"\",\"margin\":\"\",\"meta\":\"M\\u00f6nchhof\",\"meta_align\":\"below-title\",\"meta_element\":\"div\",\"meta_style\":\"text-meta\",\"panel_link\":true,\"panel_link_hover\":\"true\",\"panel_padding\":\"default\",\"panel_style\":\"card-secondary\",\"text_align\":\"center\",\"title\":\"Wein & Kulturtage (Martiniloben)\",\"title_align\":\"top\",\"title_element\":\"h3\",\"title_grid_breakpoint\":\"m\",\"title_grid_width\":\"1-2\",\"title_hover_style\":\"reset\",\"title_style\":\"h3\"}}]},{\"type\":\"column\",\"props\":{\"image_position\":\"center-center\",\"position_sticky_breakpoint\":\"m\",\"width_medium\":\"1-2\"}}]}]},{\"type\":\"section\",\"props\":{\"image\":\"wp-content\\\/uploads\\\/2019\\\/03\\\/footer_hintergrundbild_kummer_ohneH_Zeichenfl\\u00e4che-1.png\",\"image_position\":\"top-center\",\"image_size\":\"cover\",\"overlap\":true,\"padding\":\"large\",\"padding_remove_bottom\":true,\"padding_remove_top\":false,\"style\":\"default\",\"title_breakpoint\":\"xl\",\"title_position\":\"top-left\",\"title_rotation\":\"left\",\"vertical_align\":\"\",\"width\":\"default\"},\"children\":[{\"type\":\"row\",\"children\":[{\"type\":\"column\",\"props\":{\"image_position\":\"center-center\",\"position_sticky_breakpoint\":\"m\",\"width_medium\":\"1-1\"},\"children\":[{\"type\":\"image\",\"props\":{\"image\":\"wp-content\\\/uploads\\\/2019\\\/02\\\/weingut_kummer.svg\",\"image_svg_color\":\"emphasis\",\"image_width\":\"350\",\"margin\":\"default\",\"text_align\":\"center\"},\"name\":\"\\u00fcberschrift\"},{\"type\":\"headline\",\"props\":{\"content\":\"Wines like no other.\",\"margin\":\"small\",\"text_align\":\"center\",\"title_element\":\"h3\",\"title_style\":\"h3\"}}]}]},{\"type\":\"row\",\"props\":{\"margin\":\"large\"},\"children\":[{\"type\":\"column\",\"props\":{\"image_position\":\"center-center\",\"position_sticky_breakpoint\":\"m\",\"width_medium\":\"1-1\"},\"children\":[{\"type\":\"headline\",\"props\":{\"content\":\"\n\n<p>\\n  <span style=\\\"color: #000000;\\\">\\n    <a style=\\\"color: #000000;\\\" href=\\\"https:\\\/\\\/www.weingut-kummer.at\\\/en\\\/contact\\\/\\\">Contact<\\\/a> |\\n    <a style=\\\"color: #000000;\\\" href=\\\"https:\\\/\\\/www.weingut-kummer.at\\\/wp-content\\\/uploads\\\/2019\\\/07\\\/AGB_Datenschutz_Kummer2019.pdf\\\">Terms & Privacy Policy<\\\/a> |\\n    <a style=\\\"color: #000000;\\\" href=\\\"https:\\\/\\\/www.weingut-kummer.at\\\/en\\\/imprint\\\/\\\">Legal Notice<\\\/a>\\n  <\\\/span>\\n<\\\/p>\\n\",\"margin\":\"small\",\"text_align\":\"center\",\"title_element\":\"h6\",\"title_style\":\"h6\"}}]}]}],\"name\":\"Footer_englisch 26\"}],\"version\":\"4.5.33\"} --><\/p>\n","protected":false},"excerpt":{"rendered":"<p>Taste and enjoy our wines. Weinburgenland presentation Vienna 09. March 2026 PROWEIN D\u00fcsseldorf Germany 15. &#8211; 17. March 2026 Vinobile 2026 Feldkirch 24. &#8211; 26. April 2026 Weinfr\u00fchling M\u00f6nchhof M\u00f6nchhof 1. &#8211; 3. Mai 2026 Wein &#038; Kulturtage (Martiniloben) M\u00f6nchhof 23. &#8211; 25. October 2026 Wines like no other. Contact | Terms &#038; Privacy Policy [&hellip;]<\/p>\n","protected":false},"author":2,"featured_media":0,"parent":0,"menu_order":0,"comment_status":"closed","ping_status":"closed","template":"","meta":{"footnotes":""},"class_list":["post-1162","page","type-page","status-publish","hentry"],"_links":{"self":[{"href":"https:\/\/www.weingut-kummer.at\/en\/wp-json\/wp\/v2\/pages\/1162","targetHints":{"allow":["GET"]}}],"collection":[{"href":"https:\/\/www.weingut-kummer.at\/en\/wp-json\/wp\/v2\/pages"}],"about":[{"href":"https:\/\/www.weingut-kummer.at\/en\/wp-json\/wp\/v2\/types\/page"}],"author":[{"embeddable":true,"href":"https:\/\/www.weingut-kummer.at\/en\/wp-json\/wp\/v2\/users\/2"}],"replies":[{"embeddable":true,"href":"https:\/\/www.weingut-kummer.at\/en\/wp-json\/wp\/v2\/comments?post=1162"}],"version-history":[{"count":29,"href":"https:\/\/www.weingut-kummer.at\/en\/wp-json\/wp\/v2\/pages\/1162\/revisions"}],"predecessor-version":[{"id":2619,"href":"https:\/\/www.weingut-kummer.at\/en\/wp-json\/wp\/v2\/pages\/1162\/revisions\/2619"}],"wp:attachment":[{"href":"https:\/\/www.weingut-kummer.at\/en\/wp-json\/wp\/v2\/media?parent=1162"}],"curies":[{"name":"wp","href":"https:\/\/api.w.org\/{rel}","templated":true}]}}